{"id":139,"date":"2021-02-09T11:50:48","date_gmt":"2021-02-09T11:50:48","guid":{"rendered":"http:\/\/asociacioncdro.org.gt\/?page_id=139"},"modified":"2026-07-09T20:58:22","modified_gmt":"2026-07-09T20:58:22","slug":"nosotros","status":"publish","type":"page","link":"https:\/\/asociacioncdro.org.gt\/?page_id=139","title":{"rendered":"Nosotros"},"content":{"rendered":"\r\n<p class=\"has-vivid-cyan-blue-color has-text-color wp-block-paragraph\" style=\"font-size: 30px;\"><span style=\"color: #3366ff; font-family: 'times new roman', times, serif;\"><strong>RECUENTO HIST\u00d3RICO.<\/strong><\/span><\/p>\r\n\r\n\r\n\r\n<p class=\"wp-block-paragraph\" style=\"text-align: left;\"><span style=\"font-family: 'times new roman', times, serif;\">Asociaci\u00f3n de Cooperaci\u00f3n para el Desarrollo Rural de Occidente-CDRO, surge en el a\u00f1o 1984 como una necesidad para recobrar la confianza de los habitantes de las comunidades a trav\u00e9s de la unificaci\u00f3n de esfuerzos de los l\u00edderes y lideresas siendo los principales actores para identificar, formular, gestionar y ejecutar sus proyectos integrales de desarrollo. La principal estrategia de la \u201cparticipaci\u00f3n total de la comunidad\u201d, ha sido fundamental que hoy fecha permite evidenciar los logros relevantes en 132 comunidades de 6 departamentos de la regi\u00f3n occidente del pa\u00eds (Totonicap\u00e1n, Huehuetenango, Quetzaltenango, San Marcos, Solol\u00e1 y Quich\u00e9).<\/span><\/p>\r\n\r\n\r\n\r\n<div class=\"wp-block-image\">\r\n<figure class=\"aligncenter size-large\"><img fetchpriority=\"high\" decoding=\"async\" width=\"1024\" height=\"803\" class=\"wp-image-439\" src=\"https:\/\/asociacioncdro.org.gt\/wp-content\/uploads\/2021\/02\/Imagen-1-1-1024x803.png\" alt=\"\" srcset=\"https:\/\/asociacioncdro.org.gt\/wp-content\/uploads\/2021\/02\/Imagen-1-1-1024x803.png 1024w, https:\/\/asociacioncdro.org.gt\/wp-content\/uploads\/2021\/02\/Imagen-1-1-300x235.png 300w, https:\/\/asociacioncdro.org.gt\/wp-content\/uploads\/2021\/02\/Imagen-1-1-768x602.png 768w, https:\/\/asociacioncdro.org.gt\/wp-content\/uploads\/2021\/02\/Imagen-1-1.png 1156w\" sizes=\"(max-width: 1024px) 100vw, 1024px\" \/><\/figure>\r\n<\/div>\r\n\r\n\r\n\r\n<p class=\"wp-block-paragraph\"><span style=\"font-family: 'times new roman', times, serif;\">Durante los 40 a\u00f1os de trabajo ha sido en favor de las comunidades, lo que permite mostrar casos de \u00e9xitos. A\u00fan falta mucho por recorrer para que las comunidades y asociaciones fortalezcan los procesos integrales para mejorar las condiciones de vida de las familias. \u00a0<\/span><\/p>\r\n\r\n\r\n<hr class=\"wp-block-separator has-text-color has-background has-vivid-green-cyan-background-color has-vivid-green-cyan-color is-style-wide\" \/>\r\n\r\n\r\n<p class=\"has-text-align-left has-vivid-cyan-blue-color has-text-color wp-block-paragraph\" style=\"font-size: 22px;\"><span style=\"color: #3366ff; font-family: 'times new roman', times, serif;\"><strong>BASE FILOS\u00d3FICA.<\/strong><\/span><\/p>\r\n\r\n\r\n\r\n<p class=\"wp-block-paragraph\"><span style=\"font-family: 'times new roman', times, serif;\"><strong>Definici\u00f3n Institucional:<\/strong><\/span><\/p>\r\n\r\n\r\n\r\n<p class=\"wp-block-paragraph\"><span style=\"font-family: 'times new roman', times, serif;\">CDRO es una organizaci\u00f3n de origen Maya, formada por organizaciones, asociaciones y empresas de las comunidades, que promueven el desarrollo integral del \u00e1rea rural del occidente de Guatemala, se caracteriza por las interrelaciones tendientes a la horizontalidad, la vinculaci\u00f3n, coordinaci\u00f3n y complementariedad de acciones entre sus elementos, su planteamiento de participaci\u00f3n y unidad de la comunidad, la pr\u00e1ctica de la auto sostenibilidad, as\u00ed como el compromiso entre organizaci\u00f3n y territorio. No tiene afiliaciones con organizaciones pol\u00edticas partidistas o religiosas.<\/span><\/p>\r\n\r\n\r\n<hr class=\"wp-block-separator\" \/>\r\n\r\n\r\n<p class=\"has-large-font-size wp-block-paragraph\"><span style=\"font-family: 'times new roman', times, serif;\"><strong>Visi\u00f3n<\/strong><\/span><\/p>\r\n\r\n\r\n\r\n<p class=\"wp-block-paragraph\"><span style=\"font-family: 'times new roman', times, serif;\">CDRO es el tejido social de organizaciones, instituciones y empresas comunitarias que unen, vinculan y complementan servicios, programas y sistemas de trabajo a favor del desarrollo integral rural del occidente de Guatemala, en convivencia arm\u00f3nica con la naturaleza e incidencia para la construcci\u00f3n de una sociedad justa, incluyente, sostenible y equitativa.\u00a0\u00a0<\/span><\/p>\r\n\r\n\r\n\r\n<p class=\"has-large-font-size wp-block-paragraph\"><span style=\"font-family: 'times new roman', times, serif;\"><strong>Misi\u00f3n<\/strong><\/span><\/p>\r\n\r\n\r\n\r\n<p class=\"wp-block-paragraph\"><span style=\"font-family: 'times new roman', times, serif;\">Impulsamos y acompa\u00f1amos el desarrollo integral de las comunidades rurales del occidente de Guatemala, mediante el establecimiento y\/o fortalecimiento de organizaciones, asociaciones y empresas comunitarias incluyentes, auto sostenibles y con apego al cuidado de los recursos naturales del territorio.<\/span><\/p>\r\n\r\n\r\n<hr class=\"wp-block-separator\" \/>\r\n\r\n\r\n<p class=\"has-large-font-size wp-block-paragraph\"><span style=\"font-family: 'times new roman', times, serif;\"><strong><span style=\"color: #3366ff;\">Principios y valores.<\/span><\/strong><\/span><\/p>\r\n\r\n\r\n\r\n<p class=\"wp-block-paragraph\"><span style=\"font-family: 'times new roman', times, serif;\">La filosof\u00eda institucional consiste en la \u201cParticipaci\u00f3n total de la comunidad\u201d, la cual se realiza fundamentada en la pr\u00e1ctica de principios y valores contenidos en la Cultura Maya, por ser estos los que expresan la forma de ser, pensar y actuar de las comunidades rurales, es de observancia y cumplimiento obligado para quienes forman parte de la instituci\u00f3n.<\/span><\/p>\r\n\r\n\r\n\r\n<div class=\"wp-block-image is-style-default\">\r\n<figure class=\"aligncenter size-full\"><img decoding=\"async\" class=\"aligncenter wp-image-708 size-full\" src=\"https:\/\/asociacioncdro.org.gt\/wp-content\/uploads\/2024\/10\/Grafico-Mapa-Mental-Circular-Proyecto-Moderno-Profesional-Multicolor.png\" alt=\"\" width=\"1024\" height=\"768\" srcset=\"https:\/\/asociacioncdro.org.gt\/wp-content\/uploads\/2024\/10\/Grafico-Mapa-Mental-Circular-Proyecto-Moderno-Profesional-Multicolor.png 1024w, https:\/\/asociacioncdro.org.gt\/wp-content\/uploads\/2024\/10\/Grafico-Mapa-Mental-Circular-Proyecto-Moderno-Profesional-Multicolor-300x225.png 300w, https:\/\/asociacioncdro.org.gt\/wp-content\/uploads\/2024\/10\/Grafico-Mapa-Mental-Circular-Proyecto-Moderno-Profesional-Multicolor-768x576.png 768w\" sizes=\"(max-width: 1024px) 100vw, 1024px\" \/><\/figure>\r\n<\/div>\r\n\r\n\r\n\r\n<p class=\"wp-block-paragraph\">&nbsp;<\/p>\r\n<p class=\"has-large-font-size\"><span style=\"color: #3366ff; font-family: 'times new roman', times, serif;\"><strong>MODELO DE TRABAJO<\/strong><\/span><\/p>\r\n<p><img decoding=\"async\" class=\"aligncenter wp-image-717 size-full\" src=\"https:\/\/asociacioncdro.org.gt\/wp-content\/uploads\/2024\/10\/Objetivos-CDRO.png\" alt=\"\" width=\"1024\" height=\"768\" srcset=\"https:\/\/asociacioncdro.org.gt\/wp-content\/uploads\/2024\/10\/Objetivos-CDRO.png 1024w, https:\/\/asociacioncdro.org.gt\/wp-content\/uploads\/2024\/10\/Objetivos-CDRO-300x225.png 300w, https:\/\/asociacioncdro.org.gt\/wp-content\/uploads\/2024\/10\/Objetivos-CDRO-768x576.png 768w\" sizes=\"(max-width: 1024px) 100vw, 1024px\" \/><\/p>\r\n\r\n\r\n\r\n\r\n<hr class=\"wp-block-separator has-text-color has-background has-vivid-green-cyan-background-color has-vivid-green-cyan-color is-style-wide\" \/>\r\n\r\n\r\n<p class=\"has-large-font-size wp-block-paragraph\"><span style=\"color: #3366ff; font-family: 'times new roman', times, serif;\"><strong>Descripci\u00f3n del Sistema Pop<\/strong><\/span><\/p>\r\n\r\n\r\n\r\n<div class=\"wp-block-image\">\r\n<figure class=\"aligncenter size-large\"><img loading=\"lazy\" decoding=\"async\" width=\"413\" height=\"381\" class=\"wp-image-174 aligncenter\" src=\"https:\/\/asociacioncdro.org.gt\/wp-content\/uploads\/2021\/02\/logo-cdroo-1.png\" alt=\"\" srcset=\"https:\/\/asociacioncdro.org.gt\/wp-content\/uploads\/2021\/02\/logo-cdroo-1.png 413w, https:\/\/asociacioncdro.org.gt\/wp-content\/uploads\/2021\/02\/logo-cdroo-1-300x277.png 300w\" sizes=\"(max-width: 413px) 100vw, 413px\" \/><\/figure>\r\n<\/div>\r\n\r\n\r\n\r\n<p class=\"wp-block-paragraph\"><span style=\"font-family: 'times new roman', times, serif;\">La palabra \u201cPop\u201d, significa petate o estera. El organigrama, al mismo tiempo permite la ubicaci\u00f3n de los distintos componentes del sistema pop, muestra la variedad de relaciones posibles en el tejido social, adem\u00e1s de gratificar los valores de horizontalidad y versatilidad que caracterizan a las organizaciones comunitarias de origen Maya Kich\u00e9, que hacen una peculiar distribuci\u00f3n del poder, al mismo tiempo que fomentan la unidad y en sus colores, transmiten principios, mensajes y valoraciones de su cultura y su propio ser.<\/span><\/p>\r\n<p><span style=\"font-family: 'times new roman', times, serif;\">\r\n\r\n<\/span><\/p>\r\n<div class=\"wp-block-buttons is-layout-flex wp-block-buttons-is-layout-flex\"><span style=\"font-family: 'times new roman', times, serif;\"><\/span>\r\n<div class=\"wp-block-button is-style-fill\"><span style=\"color: #ffffff; font-family: 'times new roman', times, serif;\"><a class=\"wp-block-button__link has-background\" style=\"border-radius: 50px; background-color: #052995; color: #ffffff;\"> Azul<\/a><\/span><\/div>\r\n<span style=\"font-family: 'times new roman', times, serif;\"><\/span><\/div>\r\n<p><span style=\"font-family: 'times new roman', times, serif;\">\r\n\r\n<\/span><\/p>\r\n<p class=\"wp-block-paragraph\"><span style=\"font-family: 'times new roman', times, serif;\">Representan a los grupos organizados por un objetivo o necesidad com\u00fan, llamados grupos de base.<\/span><\/p>\r\n<p><span style=\"font-family: 'times new roman', times, serif;\">\r\n\r\n<\/span><\/p>\r\n<div class=\"wp-block-buttons is-layout-flex wp-block-buttons-is-layout-flex\"><span style=\"font-family: 'times new roman', times, serif;\"><\/span>\r\n<div class=\"wp-block-button\"><span style=\"color: #ffffff; font-family: 'times new roman', times, serif;\"><a class=\"wp-block-button__link has-black-color has-text-color has-background\" style=\"background-color: #f7ff00; color: #ffffff;\">Amarillo<\/a><\/span><\/div>\r\n<span style=\"font-family: 'times new roman', times, serif;\"><\/span><\/div>\r\n<p><span style=\"font-family: 'times new roman', times, serif;\">\r\n\r\n<\/span><\/p>\r\n<p class=\"wp-block-paragraph\"><span style=\"font-family: 'times new roman', times, serif;\">Representan a los consejos comunales, los asociados formales integrados por un representante de cada grupo de base y que tienen el m\u00e1ximo poder de decisi\u00f3n.<\/span><\/p>\r\n<p><span style=\"font-family: 'times new roman', times, serif;\">\r\n\r\n<\/span><\/p>\r\n<div class=\"wp-block-buttons is-layout-flex wp-block-buttons-is-layout-flex\"><span style=\"font-family: 'times new roman', times, serif;\"><\/span>\r\n<div class=\"wp-block-button\"><strong><span style=\"color: #ffffff; font-family: 'times new roman', times, serif;\"><a class=\"wp-block-button__link has-background\" style=\"background-color: #029660; color: #ffffff;\">Verde<\/a><\/span><\/strong><\/div>\r\n<span style=\"font-family: 'times new roman', times, serif;\"><\/span><\/div>\r\n<p><span style=\"font-family: 'times new roman', times, serif;\">\r\n\r\n<\/span><\/p>\r\n<p class=\"wp-block-paragraph\"><span style=\"font-family: 'times new roman', times, serif;\">Representan los subsistemas en los que se ejerce el poder de decisi\u00f3n de los grupos de base de una misma clase y se atienden las necesidades de la poblaci\u00f3n por \u00e1reas de actividad.<\/span><\/p>\r\n<p><span style=\"font-family: 'times new roman', times, serif;\">\r\n\r\n<\/span><\/p>\r\n<div class=\"wp-block-buttons is-layout-flex wp-block-buttons-is-layout-flex\"><span style=\"font-family: 'times new roman', times, serif;\"><\/span>\r\n<div class=\"wp-block-button\"><strong><span style=\"color: #000000; font-family: 'times new roman', times, serif;\"><a class=\"wp-block-button__link has-black-color has-text-color has-background\" style=\"background-color: #f7ff05; color: #000000;\">Amarillo<\/a><\/span><\/strong><\/div>\r\n<span style=\"font-family: 'times new roman', times, serif;\"><\/span><\/div>\r\n<p><span style=\"font-family: 'times new roman', times, serif;\">\r\n\r\n<\/span><\/p>\r\n<p class=\"wp-block-paragraph\"><span style=\"font-family: 'times new roman', times, serif;\">Los c\u00edrculos de color amarillo que aparecen al fondo representan la Asamblea General de Consejos Comunales y Asociaciones locales, que es la m\u00e1xima autoridad de toma de decisi\u00f3n sobre el modelo de trabajo.<\/span><\/p>\r\n<p><span style=\"font-family: 'times new roman', times, serif;\">\r\n\r\n<\/span><\/p>\r\n<div class=\"wp-block-buttons is-layout-flex wp-block-buttons-is-layout-flex\"><span style=\"font-family: 'times new roman', times, serif;\"><\/span>\r\n<div class=\"wp-block-button\"><span style=\"font-family: 'times new roman', times, serif;\"><a class=\"wp-block-button__link has-white-color has-vivid-red-background-color has-text-color has-background\">Rojo<\/a><\/span><\/div>\r\n<span style=\"font-family: 'times new roman', times, serif;\"><\/span><\/div>\r\n<p><span style=\"font-family: 'times new roman', times, serif;\">\r\n\r\n<\/span><\/p>\r\n<p class=\"wp-block-paragraph\"><span style=\"font-family: 'times new roman', times, serif;\">El n\u00facleo de color rojo, representa a los \u00f3rganos directivos, cuyos integrantes provienen de las comunidades asociadas a CDRO y son electos por la asamblea general.<\/span><\/p>\r\n<p><span style=\"font-family: 'times new roman', times, serif;\">\r\n\r\n<\/span><\/p>\r\n<p class=\"wp-block-paragraph\"><span style=\"font-family: 'times new roman', times, serif;\">Las l\u00edneas que dan forma al tejido se interpretan como los diversos medios de relaci\u00f3n y coordinaci\u00f3n existentes en todo el sistema: grupos de base, comisiones, consejos comunales, subsistemas, \u00f3rganos directivos y la asamblea general.<\/span><\/p>\r\n<p><span style=\"font-family: 'times new roman', times, serif;\">\r\n\r\n<\/span><\/p>\r\n<p class=\"wp-block-paragraph\"><span style=\"font-family: 'times new roman', times, serif;\"><strong>Representatividad de los colores: <\/strong>El azul simboliza la inmensidad del cielo y los oc\u00e9anos, el amarillo el color del ma\u00edz, el verde simboliza la naturaleza, el rojo la vida, el martirio y sufrimiento del pueblo a trav\u00e9s de la historia.<\/span><\/p>\r\n","protected":false},"excerpt":{"rendered":"<p>RECUENTO HIST\u00d3RICO. Asociaci\u00f3n de Cooperaci\u00f3n para el Desarrollo Rural de Occidente-CDRO, surge en el a\u00f1o 1984 como una necesidad para recobrar la confianza de los habitantes de las comunidades a trav\u00e9s de la unificaci\u00f3n de esfuerzos de los l\u00edderes y lideresas siendo los principales actores para identificar, formular, gestionar y ejecutar sus proyectos integrales de [&hellip;]<\/p>\n","protected":false},"author":1,"featured_media":0,"parent":0,"menu_order":0,"comment_status":"closed","ping_status":"closed","template":"","meta":{"footnotes":""},"class_list":["post-139","page","type-page","status-publish","hentry"],"_links":{"self":[{"href":"https:\/\/asociacioncdro.org.gt\/index.php?rest_route=\/wp\/v2\/pages\/139","targetHints":{"allow":["GET"]}}],"collection":[{"href":"https:\/\/asociacioncdro.org.gt\/index.php?rest_route=\/wp\/v2\/pages"}],"about":[{"href":"https:\/\/asociacioncdro.org.gt\/index.php?rest_route=\/wp\/v2\/types\/page"}],"author":[{"embeddable":true,"href":"https:\/\/asociacioncdro.org.gt\/index.php?rest_route=\/wp\/v2\/users\/1"}],"replies":[{"embeddable":true,"href":"https:\/\/asociacioncdro.org.gt\/index.php?rest_route=%2Fwp%2Fv2%2Fcomments&post=139"}],"version-history":[{"count":36,"href":"https:\/\/asociacioncdro.org.gt\/index.php?rest_route=\/wp\/v2\/pages\/139\/revisions"}],"predecessor-version":[{"id":838,"href":"https:\/\/asociacioncdro.org.gt\/index.php?rest_route=\/wp\/v2\/pages\/139\/revisions\/838"}],"wp:attachment":[{"href":"https:\/\/asociacioncdro.org.gt\/index.php?rest_route=%2Fwp%2Fv2%2Fmedia&parent=139"}],"curies":[{"name":"wp","href":"https:\/\/api.w.org\/{rel}","templated":true}]}}